{"id":15639,"date":"2024-10-07T18:22:35","date_gmt":"2024-10-07T16:22:35","guid":{"rendered":"https:\/\/collectifmdm-idf.org\/?post_type=tribe_events&#038;p=15639"},"modified":"2024-11-26T17:26:03","modified_gmt":"2024-11-26T16:26:03","slug":"simon-chenet-scenes-du-monde-au-canal","status":"publish","type":"tribe_events","link":"https:\/\/collectifmdm-idf.org\/annuaire5\/event\/simon-chenet-scenes-du-monde-au-canal\/","title":{"rendered":"Simon Chenet | Sc\u00e8nes du monde au Canal #3"},"content":{"rendered":"\r\n\r\n\r\n<div class=\"wp-block-buttons is-layout-flex wp-block-buttons-is-layout-flex\">\r\n<div class=\"wp-block-button has-custom-width wp-block-button__width-25 has-custom-font-size is-style-fill has-medium-font-size\"><a class=\"wp-block-button__link has-white-color has-luminous-vivid-orange-background-color has-text-color has-background has-link-color has-text-align-center wp-element-button\" style=\"border-radius: 0px;\" href=\"https:\/\/billetterie.crl10.net\/agenda\/21-simon-chenet\" target=\"_blank\" rel=\"noopener\"><strong>R\u00c9SERVER<\/strong><\/a><\/div>\r\n<\/div>\r\n\r\n\r\n\r\n<p><strong>Embarquez pour un \u201croad movie\u201d musical avec Simon Chenet !<\/strong> <strong>Guitariste aux influences swing, afro-latine, surf-rock et musette, Simon Chenet vous donne rendez-vous pour son concert dans le cadre de la 3\u00e8me \u00e9dition des Sc\u00e8nes du Monde au Canal !<\/strong> Au fil de sa carri\u00e8re, Simon Chenet a \u00e9merveill\u00e9 les sc\u00e8nes des cinq continents, partageant ses compositions instrumentales lors de prestigieux festivals de jazz, de guitare et de musique du monde. Lors de ses concerts, Simon vous invite \u00e0 embarquer pour un &#8220;road movie&#8221; musical : une odyss\u00e9e sonore o\u00f9 la m\u00e9lodie initie un voyage imaginaire, o\u00f9 le groove s&#8217;installe progressivement, menant in\u00e9vitablement \u00e0 une ambiance festive. Son spectacle d\u00e9bute en douceur, chill-out, pour \u00e9voluer naturellement vers des rythmes enivrants qui invitent \u00e0 la danse. \u00c9l\u00e9gant et envo\u00fbtant, ce concert s\u00e9duira vos pieds autant que vos oreilles. En partenariat avec l&#8217;<a href=\"https:\/\/www.crl10.net\/\" target=\"_blank\" rel=\"noopener\"><strong>association CRL10<\/strong><\/a><\/p>\r\n<p><div class=\"responsive-container\"><iframe title=\"Simon Chenet - Dianako\" width=\"640\" height=\"360\" src=\"https:\/\/www.youtube.com\/embed\/HSxJAImXG4M?feature=oembed\" frameborder=\"0\" allow=\"accelerometer; autoplay; clipboard-write; encrypted-media; gyroscope; picture-in-picture; web-share\" referrerpolicy=\"strict-origin-when-cross-origin\" allowfullscreen><\/iframe><\/div><\/p>\r\n\r\n\r\n\r\n\r\n","protected":false},"excerpt":{"rendered":"<p>Embarquez pour un \u201croad movie\u201d musical avec Simon Chenet ! Guitariste aux influences swing, afro-latine, surf-rock et musette, Simon Chenet vous donne rendez-vous pour son concert dans le cadre de la 3\u00e8me \u00e9dition des Sc\u00e8nes du Monde au Canal ! Au fil<\/p>\n<p class=\"link-more\"><a class=\"myButt \" href=\"https:\/\/collectifmdm-idf.org\/annuaire5\/event\/simon-chenet-scenes-du-monde-au-canal\/\">EN SAVOIR +<\/a><\/p>\n","protected":false},"author":1,"featured_media":15765,"comment_status":"open","ping_status":"closed","template":"","meta":{"_rtcl_gb_attr":"","_tribe_events_status":"","_tribe_events_status_reason":"","footnotes":""},"tags":[106,109,498,549],"tribe_events_cat":[559],"class_list":["post-15639","tribe_events","type-tribe_events","status-publish","has-post-thumbnail","hentry","tag-crl10","tag-scene-du-canal","tag-scenes-du-monde-au-canal","tag-simon-chenet","tribe_events_cat-concert","cat_concert"],"_links":{"self":[{"href":"https:\/\/collectifmdm-idf.org\/annuaire5\/wp-json\/wp\/v2\/tribe_events\/15639","targetHints":{"allow":["GET"]}}],"collection":[{"href":"https:\/\/collectifmdm-idf.org\/annuaire5\/wp-json\/wp\/v2\/tribe_events"}],"about":[{"href":"https:\/\/collectifmdm-idf.org\/annuaire5\/wp-json\/wp\/v2\/types\/tribe_events"}],"author":[{"embeddable":true,"href":"https:\/\/collectifmdm-idf.org\/annuaire5\/wp-json\/wp\/v2\/users\/1"}],"replies":[{"embeddable":true,"href":"https:\/\/collectifmdm-idf.org\/annuaire5\/wp-json\/wp\/v2\/comments?post=15639"}],"version-history":[{"count":10,"href":"https:\/\/collectifmdm-idf.org\/annuaire5\/wp-json\/wp\/v2\/tribe_events\/15639\/revisions"}],"predecessor-version":[{"id":15867,"href":"https:\/\/collectifmdm-idf.org\/annuaire5\/wp-json\/wp\/v2\/tribe_events\/15639\/revisions\/15867"}],"wp:featuredmedia":[{"embeddable":true,"href":"https:\/\/collectifmdm-idf.org\/annuaire5\/wp-json\/wp\/v2\/media\/15765"}],"wp:attachment":[{"href":"https:\/\/collectifmdm-idf.org\/annuaire5\/wp-json\/wp\/v2\/media?parent=15639"}],"wp:term":[{"taxonomy":"post_tag","embeddable":true,"href":"https:\/\/collectifmdm-idf.org\/annuaire5\/wp-json\/wp\/v2\/tags?post=15639"},{"taxonomy":"tribe_events_cat","embeddable":true,"href":"https:\/\/collectifmdm-idf.org\/annuaire5\/wp-json\/wp\/v2\/tribe_events_cat?post=15639"}],"curies":[{"name":"wp","href":"https:\/\/api.w.org\/{rel}","templated":true}]}}