{"id":15035,"date":"2024-06-05T17:43:30","date_gmt":"2024-06-05T15:43:30","guid":{"rendered":"https:\/\/collectifmdm-idf.org\/?post_type=rtcl_listing&#038;p=15035"},"modified":"2024-12-05T11:20:32","modified_gmt":"2024-12-05T10:20:32","slug":"anapnoi","status":"publish","type":"rtcl_listing","link":"https:\/\/collectifmdm-idf.org\/annuaire5\/projet-artistique\/anapnoi\/","title":{"rendered":"ANAPNO\u00cf"},"content":{"rendered":"<p>\/ Polyphonies du monde \\<\/p>\n<p>Anapno\u00ef, ce sont 3 femmes, 3 voix qui vous transportent le temps d\u2019un concert au fil de leurs souffles. \u00c0 travers l\u2019interpr\u00e9tation originale de chants polyphoniques, le trio tisse avec vitalit\u00e9 un lien vibrant et rythm\u00e9 vers nos racines communes.<\/p>\n<p>Dans une recherche port\u00e9e avant tout sur les sonorit\u00e9s vocales, Anapno\u00ef se joue des fronti\u00e8res. Vous parcourrez l\u2019Europe, de la Gr\u00e8ce \u00e0 la Finlande en passant par l\u2019Occitanie, jusqu\u2019en G\u00e9orgie et en Arm\u00e9nie. Un pas de plus suffira m\u00eame \u00e0 atteindre les Am\u00e9riques !<\/p>\n<p>Avec Anapno\u00ef, laissez-vous porter par une \u00e9vidence : nous partageons le m\u00eame souffle.<\/p>\n","protected":false},"author":1,"comment_status":"open","ping_status":"closed","template":"","class_list":["post-15035","rtcl_listing","type-rtcl_listing","status-publish","hentry","rtcl_category-musique","rtcl_location-europe","rtcl_tag-corps-accord","rtcl_tag-europe","rtcl_tag-polyphonies","rtcl_tag-polyphonies-du-monde","listing-item","rtcl-listing-item"],"_links":{"self":[{"href":"https:\/\/collectifmdm-idf.org\/annuaire5\/wp-json\/wp\/v2\/rtcl_listing\/15035","targetHints":{"allow":["GET"]}}],"collection":[{"href":"https:\/\/collectifmdm-idf.org\/annuaire5\/wp-json\/wp\/v2\/rtcl_listing"}],"about":[{"href":"https:\/\/collectifmdm-idf.org\/annuaire5\/wp-json\/wp\/v2\/types\/rtcl_listing"}],"author":[{"embeddable":true,"href":"https:\/\/collectifmdm-idf.org\/annuaire5\/wp-json\/wp\/v2\/users\/1"}],"replies":[{"embeddable":true,"href":"https:\/\/collectifmdm-idf.org\/annuaire5\/wp-json\/wp\/v2\/comments?post=15035"}],"wp:attachment":[{"href":"https:\/\/collectifmdm-idf.org\/annuaire5\/wp-json\/wp\/v2\/media?parent=15035"}],"curies":[{"name":"wp","href":"https:\/\/api.w.org\/{rel}","templated":true}]}}