{"id":15019,"date":"2024-06-05T17:34:49","date_gmt":"2024-06-05T15:34:49","guid":{"rendered":"https:\/\/collectifmdm-idf.org\/?post_type=rtcl_listing&#038;p=15019"},"modified":"2024-06-05T17:34:49","modified_gmt":"2024-06-05T15:34:49","slug":"madeleine-salomon","status":"publish","type":"rtcl_listing","link":"https:\/\/collectifmdm-idf.org\/annuaire5\/projet-artistique\/madeleine-salomon\/","title":{"rendered":"MADELEINE &#038; SALOMON"},"content":{"rendered":"<p>S\u2019emparant, avec d\u00e9licatesse d\u2019un r\u00e9pertoire de chansons pop-folk orientales des ann\u00e9es 1960-1970 Madeleine &#038; Salomon font claquer au vent, le drapeau d\u2019une expression po\u00e9tique de la libert\u00e9. Traduits en anglais et fran\u00e7ais, les textes de ces morceaux n\u00e9s sur le pourtour de la M\u00e9diterran\u00e9e ne perdent rien de leur engagement, rien de la force et du r\u00eave qui en font l\u2019\u00e9toffe. Cette approche minimaliste, entrela\u00e7ant la voix au piano, restitue avec justesse le sens de ces chants, ancr\u00e9s dans la tension d\u2019une \u00e9poque tiraill\u00e9e entre traditions et d\u00e9sir d\u2019\u00e9mancipation. L\u00e0, l\u2019infini s\u2019abandonne dans les bras de quelques minutes de m\u00e9lodie. Madeleine &#038; Salomon (les deuxi\u00e8mes pr\u00e9noms de Clotilde Rullaud et Alexandre Saada), expriment avec sinc\u00e9rit\u00e9 la pulsation d\u2019un monde qui n\u2019en finit pas d\u2019esp\u00e9rer.<\/p>\n<p><code><iframe style=\"border-radius:12px\" src=\"https:\/\/open.spotify.com\/embed\/artist\/3b3gzfoQXBnYjVZqVNQMSb?utm_source=generator\" width=\"100%\" height=\"352\" frameBorder=\"0\" allowfullscreen=\"\" allow=\"autoplay; clipboard-write; encrypted-media; fullscreen; picture-in-picture\" loading=\"lazy\"><\/iframe><\/code><\/p>\n","protected":false},"author":1,"comment_status":"open","ping_status":"closed","template":"","class_list":["post-15019","rtcl_listing","type-rtcl_listing","status-publish","hentry","rtcl_category-musique","rtcl_location-asie","rtcl_tag-folk","rtcl_tag-jazz","rtcl_tag-jazz-folk-mediterranneen","rtcl_tag-mediterranee","listing-item","rtcl-listing-item"],"_links":{"self":[{"href":"https:\/\/collectifmdm-idf.org\/annuaire5\/wp-json\/wp\/v2\/rtcl_listing\/15019","targetHints":{"allow":["GET"]}}],"collection":[{"href":"https:\/\/collectifmdm-idf.org\/annuaire5\/wp-json\/wp\/v2\/rtcl_listing"}],"about":[{"href":"https:\/\/collectifmdm-idf.org\/annuaire5\/wp-json\/wp\/v2\/types\/rtcl_listing"}],"author":[{"embeddable":true,"href":"https:\/\/collectifmdm-idf.org\/annuaire5\/wp-json\/wp\/v2\/users\/1"}],"replies":[{"embeddable":true,"href":"https:\/\/collectifmdm-idf.org\/annuaire5\/wp-json\/wp\/v2\/comments?post=15019"}],"wp:attachment":[{"href":"https:\/\/collectifmdm-idf.org\/annuaire5\/wp-json\/wp\/v2\/media?parent=15019"}],"curies":[{"name":"wp","href":"https:\/\/api.w.org\/{rel}","templated":true}]}}