{"id":13623,"date":"2024-02-16T17:44:27","date_gmt":"2024-02-16T16:44:27","guid":{"rendered":"https:\/\/collectifmdm-idf.org\/?post_type=rtcl_listing&#038;p=13623"},"modified":"2024-03-06T16:47:06","modified_gmt":"2024-03-06T15:47:06","slug":"nefeles","status":"publish","type":"rtcl_listing","link":"https:\/\/collectifmdm-idf.org\/annuaire5\/projet-artistique\/nefeles\/","title":{"rendered":"NEFELES"},"content":{"rendered":"<p>Sur les vagues grecques : Concert de Nefeles<br \/>\nGenre : musique grecque<br \/>\nNefeles interpr\u00e8te un r\u00e9pertoire vari\u00e9 de la Gr\u00e8ce, inspir\u00e9 de la mer, \u201cThalassa\u201d, se donnant toute latitude pour accoster les \u00eeles, se d\u00e9lasser dans une taverne populaire avec du rebetiko jusqu&#8217;\u00e0 se laisser porter par un courant plus contemporain avec composition et arrangements cr\u00e9atifs.<\/p>\n<p><code><iframe style=\"border-radius: 12px;\" src=\"https:\/\/open.spotify.com\/embed\/artist\/3quIZ0dDCpCowYYUmPzmgM?utm_source=generator\" width=\"100%\" height=\"352\" frameborder=\"0\" allowfullscreen=\"allowfullscreen\"><\/iframe><\/code><\/p>\n","protected":false},"author":1,"comment_status":"open","ping_status":"closed","template":"","class_list":["post-13623","rtcl_listing","type-rtcl_listing","status-publish","hentry","rtcl_category-musique","rtcl_location-europe","rtcl_tag-annuaire-du-collectif-5","rtcl_tag-europe","rtcl_tag-musique-grecque","rtcl_tag-rebetiko","listing-item","rtcl-listing-item"],"_links":{"self":[{"href":"https:\/\/collectifmdm-idf.org\/annuaire5\/wp-json\/wp\/v2\/rtcl_listing\/13623","targetHints":{"allow":["GET"]}}],"collection":[{"href":"https:\/\/collectifmdm-idf.org\/annuaire5\/wp-json\/wp\/v2\/rtcl_listing"}],"about":[{"href":"https:\/\/collectifmdm-idf.org\/annuaire5\/wp-json\/wp\/v2\/types\/rtcl_listing"}],"author":[{"embeddable":true,"href":"https:\/\/collectifmdm-idf.org\/annuaire5\/wp-json\/wp\/v2\/users\/1"}],"replies":[{"embeddable":true,"href":"https:\/\/collectifmdm-idf.org\/annuaire5\/wp-json\/wp\/v2\/comments?post=13623"}],"wp:attachment":[{"href":"https:\/\/collectifmdm-idf.org\/annuaire5\/wp-json\/wp\/v2\/media?parent=13623"}],"curies":[{"name":"wp","href":"https:\/\/api.w.org\/{rel}","templated":true}]}}