{"id":13596,"date":"2024-02-16T15:01:40","date_gmt":"2024-02-16T14:01:40","guid":{"rendered":"https:\/\/collectifmdm-idf.org\/?post_type=rtcl_listing&#038;p=13596"},"modified":"2024-03-06T16:49:55","modified_gmt":"2024-03-06T15:49:55","slug":"la-luna-luna-el-rio-rio","status":"publish","type":"rtcl_listing","link":"https:\/\/collectifmdm-idf.org\/annuaire5\/projet-artistique\/la-luna-luna-el-rio-rio\/","title":{"rendered":"LA LUNA, LUNA. EL R\u00cdO, R\u00cdO"},"content":{"rendered":"<p>LA LUNA, LUNA, EL RIO, RIO est un spectacle participatif m\u00ealant musique, contes, danse et th\u00e9\u00e2tre en fran\u00e7ais et en espagnol. Claire Morin (danseuse-chor\u00e9graphe) et Marta Domingo (com\u00e9dienne-chanteuse) mettent en sc\u00e8ne le dialogue entre les femmes et la nature, en s\u2019appuyant sur des l\u00e9gendes et mythes hispaniques et gitans. Elles investissent des espaces ext\u00e9rieurs et int\u00e9rieurs (parcs, jardins, biblioth\u00e8ques, \u00e9coles\u2026) en adaptant leur spectacle pour y int\u00e9grer le d\u00e9cor. Les jeunes spectateurs sont invit\u00e9s \u00e0 participer et les lieux leur sont ainsi r\u00e9v\u00e9l\u00e9s sous un autre regard\u2026<\/p>\n","protected":false},"author":1,"comment_status":"open","ping_status":"closed","template":"","class_list":["post-13596","rtcl_listing","type-rtcl_listing","status-publish","hentry","rtcl_category-danse","rtcl_location-ameriques","rtcl_tag-amerique","rtcl_tag-annuaire-du-collectif-5","rtcl_tag-conte","rtcl_tag-danse","rtcl_tag-mythes-hispaniques-et-gitans","rtcl_tag-spectacle-participatif","rtcl_tag-theatre","listing-item","rtcl-listing-item"],"_links":{"self":[{"href":"https:\/\/collectifmdm-idf.org\/annuaire5\/wp-json\/wp\/v2\/rtcl_listing\/13596","targetHints":{"allow":["GET"]}}],"collection":[{"href":"https:\/\/collectifmdm-idf.org\/annuaire5\/wp-json\/wp\/v2\/rtcl_listing"}],"about":[{"href":"https:\/\/collectifmdm-idf.org\/annuaire5\/wp-json\/wp\/v2\/types\/rtcl_listing"}],"author":[{"embeddable":true,"href":"https:\/\/collectifmdm-idf.org\/annuaire5\/wp-json\/wp\/v2\/users\/1"}],"replies":[{"embeddable":true,"href":"https:\/\/collectifmdm-idf.org\/annuaire5\/wp-json\/wp\/v2\/comments?post=13596"}],"wp:attachment":[{"href":"https:\/\/collectifmdm-idf.org\/annuaire5\/wp-json\/wp\/v2\/media?parent=13596"}],"curies":[{"name":"wp","href":"https:\/\/api.w.org\/{rel}","templated":true}]}}