{"id":13270,"date":"2024-02-12T12:58:42","date_gmt":"2024-02-12T11:58:42","guid":{"rendered":"https:\/\/collectifmdm-idf.org\/?post_type=rtcl_listing&#038;p=13270"},"modified":"2024-03-06T17:08:29","modified_gmt":"2024-03-06T16:08:29","slug":"rapsodia","status":"publish","type":"rtcl_listing","link":"https:\/\/collectifmdm-idf.org\/annuaire5\/projet-artistique\/rapsodia\/","title":{"rendered":"RAPSODIA"},"content":{"rendered":"<p>Rapsodia, c&#8217;est un concert-th\u00e9\u00e2tralis\u00e9. Un spectacle polyphonique sur la m\u00e9moire. La m\u00e9moire fragile d\u2019une multitude de voix f\u00e9minines issues d\u2019une petite communaut\u00e9 en Espagne. Qui veut par une c\u00e9r\u00e9monie rituelle faire un acte de r\u00e9paration et rendre hommage \u00e0 toutes ces femmes de l&#8217;apr\u00e8s-guerre et qui ont v\u00e9cu la dictature franquiste en Espagne et qui ont \u00e9t\u00e9 occult\u00e9es, ou r\u00e9duites au silence.<\/p>\n<p>La compagnie Arsenika vous plonge dans les rythmes ib\u00e9riques et vous invite \u00e0 une exploration de la rhapsodie musicale et de la figure du rhapsode. Chants, r\u00e9cits et danses entour\u00e9s d&#8217;une couleur electro-folk. Un dialogue entre une com\u00e9dienne-chanteuse et un musicien, o\u00f9 les percussions ib\u00e9riques et sonorit\u00e9s traditionnelles de la m\u00e9diterran\u00e9e se m\u00ealent aux effets de la guitare \u00e9lectro-acoustique.<\/p>\n<p>Vous assisterez \u00e0 un rituel de r\u00e9paration o\u00f9 mouvement, musique et r\u00e9cit r\u00e9v\u00e8lent la diversit\u00e9 des personnages donnant naissance \u00e0 une mosa\u00efque polyphonique, une danse de corps qui chantent et rhapsodent.<br \/>\nAvec cette c\u00e9r\u00e9monie-rituelle, nous souhaitons lib\u00e9rer ces femmes anonymes, pour qui sait, peut-\u00eatre, nous lib\u00e9rer nous-m\u00eame gr\u00e2ce \u00e0 elles?<\/p>\n<p>Mise en sc\u00e8ne: Clara Lloret Parra<br \/>\nJeu, chant, mouvement et percussions : Clara Lloret Parra<br \/>\nLavta, guitare et percussions : Rapha\u00ebl Dubert<\/p>\n<p><code><iframe src=\"https:\/\/w.soundcloud.com\/player\/?url=https%3A\/\/api.soundcloud.com\/playlists\/1573081042&amp;color=%23ff5500&amp;auto_play=false&amp;hide_related=false&amp;show_comments=true&amp;show_user=true&amp;show_reposts=false&amp;show_teaser=true&amp;visual=true\" width=\"100%\" height=\"352\" frameborder=\"no\" scrolling=\"no\"><\/iframe><\/code><\/p>\n<div style=\"font-size: 10px; color: #cccccc; line-break: anywhere; word-break: normal; overflow: hidden; white-space: nowrap; text-overflow: ellipsis; font-family: Interstate,Lucida Grande,Lucida Sans Unicode,Lucida Sans,Garuda,Verdana,Tahoma,sans-serif; font-weight: 100;\"><a style=\"color: #cccccc; text-decoration: none;\" title=\"Cie ARSENIKA\" href=\"https:\/\/soundcloud.com\/cie-arsenika\" target=\"_blank\" rel=\"noopener\">Cie ARSENIKA<\/a> \u00b7 <a style=\"color: #cccccc; text-decoration: none;\" title=\"RAPSODIA\" href=\"https:\/\/soundcloud.com\/cie-arsenika\/sets\/rapsodia\" target=\"_blank\" rel=\"noopener\">RAPSODIA<\/a><\/div>\n<p>&nbsp;<\/p>\n","protected":false},"author":1,"comment_status":"open","ping_status":"closed","template":"","class_list":["post-13270","rtcl_listing","type-rtcl_listing","status-publish","hentry","rtcl_category-conte","rtcl_location-europe","rtcl_tag-annuaire-du-collectif-5","rtcl_tag-conte-musical","rtcl_tag-europe","rtcl_tag-polyphonies","rtcl_tag-spectacle","rtcl_tag-theatre","rtcl_tag-theatre-concert","listing-item","rtcl-listing-item"],"_links":{"self":[{"href":"https:\/\/collectifmdm-idf.org\/annuaire5\/wp-json\/wp\/v2\/rtcl_listing\/13270","targetHints":{"allow":["GET"]}}],"collection":[{"href":"https:\/\/collectifmdm-idf.org\/annuaire5\/wp-json\/wp\/v2\/rtcl_listing"}],"about":[{"href":"https:\/\/collectifmdm-idf.org\/annuaire5\/wp-json\/wp\/v2\/types\/rtcl_listing"}],"author":[{"embeddable":true,"href":"https:\/\/collectifmdm-idf.org\/annuaire5\/wp-json\/wp\/v2\/users\/1"}],"replies":[{"embeddable":true,"href":"https:\/\/collectifmdm-idf.org\/annuaire5\/wp-json\/wp\/v2\/comments?post=13270"}],"wp:attachment":[{"href":"https:\/\/collectifmdm-idf.org\/annuaire5\/wp-json\/wp\/v2\/media?parent=13270"}],"curies":[{"name":"wp","href":"https:\/\/api.w.org\/{rel}","templated":true}]}}